{"id":598,"date":"2011-12-02T10:42:58","date_gmt":"2011-12-02T10:42:58","guid":{"rendered":"http:\/\/wp10652880.wp159.webpack.hosteurope.de\/?page_id=598"},"modified":"2011-12-05T09:25:47","modified_gmt":"2011-12-05T09:25:47","slug":"erweiterte-stundentafel","status":"publish","type":"page","link":"http:\/\/eks-bergheim.de\/?page_id=598","title":{"rendered":"Stunden im Ganztag"},"content":{"rendered":"<p>Die <strong>erweiterte Stundentafel<\/strong> im Ganztag l\u00e4sst der Schule Freir\u00e4ume. Um diese zu gestalten, hat unsere Schule \u00a0<strong>AGs<\/strong> eingerichtet. Diese finden u.a. auch in\u00a0 Kooperation mit au\u00dferschulischem Personal statt. Dabei gilt der Montag f\u00fcr die Stufen 5 und 6 als AG-Tag, der Freitag f\u00fcr die Stufen 7 und 8. Das AG-Angebot ist dabei sehr vielf\u00e4ltig und beinhaltet immer Sport- und Bewegungsangebote sowie Angebote im musischen Bereich.<\/p>\n<p>Erw\u00e4hnenswert sind dabei eine Theater-AG, die ein einst\u00fcndiges St\u00fcck einge\u00fcbt und sehr erfolgreich vorgespielt hat. Eine Mosaik-AG \u2013 geleitet von einem Mosaikk\u00fcnstler &#8211; hat einen Treppenhausbereich mit Szenen aus den Geschichten Erich K\u00e4stners als Wandmosaik kreiert. Auch die Chor-AG und die Orchester-AG haben in Zusammenarbeit mit dem RWE-Power-Orchester auff\u00fchrungsreife Ergebnisse erarbeitet.<\/p>\n<p>Des Weiteren sind in der erweiterten Stundentafel <strong>Arbeitsstunden<\/strong> eingerichtet. Diese dienen dazu den Unterrichtsstoff eigenst\u00e4ndig in Stillarbeit aufzuarbeiten. In diesen Stunden werden praktisch die Hausaufgaben gemacht.<\/p>\n<p>Jede Stufe bietet ein <strong>F\u00f6rderband <\/strong>an, das zweist\u00fcndig in der Woche stattfindet.<\/p>\n<p>In den Stufen 5 bis 7 ist je Klasse eine <strong>Komet-Stunde<\/strong> eingerichtet.<\/p>\n<p>In den Stufen 5 bis 7 gibt es dar\u00fcber hinaus auch <strong>KlaGe-Stunden<\/strong>. KlaGe steht dabei als Abk\u00fcrzung f\u00fcr Klassengemeinschaft. In diesen Stunden soll der Klassenverband gest\u00e4rkt und soziale Kompetenzen erworben bzw. trainiert werden.<\/p>\n","protected":false},"excerpt":{"rendered":"<p>Die erweiterte Stundentafel im Ganztag l\u00e4sst der Schule Freir\u00e4ume. Um diese zu gestalten, hat unsere Schule \u00a0AGs eingerichtet. Diese finden u.a. auch in\u00a0 Kooperation mit au\u00dferschulischem Personal statt. Dabei gilt der Montag f\u00fcr die Stufen 5 und 6 als AG-Tag, der Freitag f\u00fcr die Stufen 7 und 8. Das AG-Angebot ist dabei sehr vielf\u00e4ltig und &hellip; <\/p>\n<p><a class=\"more-link btn\" href=\"http:\/\/eks-bergheim.de\/?page_id=598\">Weiterlesen<\/a><\/p>\n","protected":false},"author":1,"featured_media":0,"parent":569,"menu_order":3,"comment_status":"open","ping_status":"open","template":"template-onecolumn.php","meta":{"footnotes":""},"class_list":["post-598","page","type-page","status-publish","hentry","nodate","item-wrap"],"yoast_head":"<!-- This site is optimized with the Yoast SEO plugin v26.6 - https:\/\/yoast.com\/wordpress\/plugins\/seo\/ -->\n<title>Stunden im Ganztag - Erich K\u00e4stner Schule Bergheim<\/title>\n<meta name=\"robots\" content=\"index, follow, max-snippet:-1, max-image-preview:large, max-video-preview:-1\" \/>\n<link rel=\"canonical\" href=\"http:\/\/eks-bergheim.de\/?page_id=598\" \/>\n<meta property=\"og:locale\" content=\"de_DE\" \/>\n<meta property=\"og:type\" content=\"article\" \/>\n<meta property=\"og:title\" content=\"Stunden im Ganztag - Erich K\u00e4stner Schule Bergheim\" \/>\n<meta property=\"og:description\" content=\"Die erweiterte Stundentafel im Ganztag l\u00e4sst der Schule Freir\u00e4ume. Um diese zu gestalten, hat unsere Schule \u00a0AGs eingerichtet. Diese finden u.a. auch in\u00a0 Kooperation mit au\u00dferschulischem Personal statt. Dabei gilt der Montag f\u00fcr die Stufen 5 und 6 als AG-Tag, der Freitag f\u00fcr die Stufen 7 und 8. Das AG-Angebot ist dabei sehr vielf\u00e4ltig und &hellip; Weiterlesen\" \/>\n<meta property=\"og:url\" content=\"http:\/\/eks-bergheim.de\/?page_id=598\" \/>\n<meta property=\"og:site_name\" content=\"Erich K\u00e4stner Schule Bergheim\" \/>\n<meta property=\"article:modified_time\" content=\"2011-12-05T09:25:47+00:00\" \/>\n<meta name=\"twitter:card\" content=\"summary_large_image\" \/>\n<meta name=\"twitter:label1\" content=\"Gesch\u00e4tzte Lesezeit\" \/>\n\t<meta name=\"twitter:data1\" content=\"1\u00a0Minute\" \/>\n<script type=\"application\/ld+json\" class=\"yoast-schema-graph\">{\"@context\":\"https:\/\/schema.org\",\"@graph\":[{\"@type\":\"WebPage\",\"@id\":\"http:\/\/eks-bergheim.de\/?page_id=598\",\"url\":\"http:\/\/eks-bergheim.de\/?page_id=598\",\"name\":\"Stunden im Ganztag - Erich K\u00e4stner Schule Bergheim\",\"isPartOf\":{\"@id\":\"https:\/\/eks-bergheim.de\/#website\"},\"datePublished\":\"2011-12-02T10:42:58+00:00\",\"dateModified\":\"2011-12-05T09:25:47+00:00\",\"breadcrumb\":{\"@id\":\"http:\/\/eks-bergheim.de\/?page_id=598#breadcrumb\"},\"inLanguage\":\"de\",\"potentialAction\":[{\"@type\":\"ReadAction\",\"target\":[\"http:\/\/eks-bergheim.de\/?page_id=598\"]}]},{\"@type\":\"BreadcrumbList\",\"@id\":\"http:\/\/eks-bergheim.de\/?page_id=598#breadcrumb\",\"itemListElement\":[{\"@type\":\"ListItem\",\"position\":1,\"name\":\"Startseite\",\"item\":\"https:\/\/eks-bergheim.de\/\"},{\"@type\":\"ListItem\",\"position\":2,\"name\":\"Infos und Termine\",\"item\":\"http:\/\/eks-bergheim.de\/?page_id=2\"},{\"@type\":\"ListItem\",\"position\":3,\"name\":\"Infos\",\"item\":\"http:\/\/eks-bergheim.de\/?page_id=569\"},{\"@type\":\"ListItem\",\"position\":4,\"name\":\"Stunden im Ganztag\"}]},{\"@type\":\"WebSite\",\"@id\":\"https:\/\/eks-bergheim.de\/#website\",\"url\":\"https:\/\/eks-bergheim.de\/\",\"name\":\"Erich K\u00e4stner Schule Bergheim\",\"description\":\"\",\"potentialAction\":[{\"@type\":\"SearchAction\",\"target\":{\"@type\":\"EntryPoint\",\"urlTemplate\":\"https:\/\/eks-bergheim.de\/?s={search_term_string}\"},\"query-input\":{\"@type\":\"PropertyValueSpecification\",\"valueRequired\":true,\"valueName\":\"search_term_string\"}}],\"inLanguage\":\"de\"}]}<\/script>\n<!-- \/ Yoast SEO plugin. -->","yoast_head_json":{"title":"Stunden im Ganztag - Erich K\u00e4stner Schule Bergheim","robots":{"index":"index","follow":"follow","max-snippet":"max-snippet:-1","max-image-preview":"max-image-preview:large","max-video-preview":"max-video-preview:-1"},"canonical":"http:\/\/eks-bergheim.de\/?page_id=598","og_locale":"de_DE","og_type":"article","og_title":"Stunden im Ganztag - Erich K\u00e4stner Schule Bergheim","og_description":"Die erweiterte Stundentafel im Ganztag l\u00e4sst der Schule Freir\u00e4ume. Um diese zu gestalten, hat unsere Schule \u00a0AGs eingerichtet. Diese finden u.a. auch in\u00a0 Kooperation mit au\u00dferschulischem Personal statt. Dabei gilt der Montag f\u00fcr die Stufen 5 und 6 als AG-Tag, der Freitag f\u00fcr die Stufen 7 und 8. Das AG-Angebot ist dabei sehr vielf\u00e4ltig und &hellip; Weiterlesen","og_url":"http:\/\/eks-bergheim.de\/?page_id=598","og_site_name":"Erich K\u00e4stner Schule Bergheim","article_modified_time":"2011-12-05T09:25:47+00:00","twitter_card":"summary_large_image","twitter_misc":{"Gesch\u00e4tzte Lesezeit":"1\u00a0Minute"},"schema":{"@context":"https:\/\/schema.org","@graph":[{"@type":"WebPage","@id":"http:\/\/eks-bergheim.de\/?page_id=598","url":"http:\/\/eks-bergheim.de\/?page_id=598","name":"Stunden im Ganztag - Erich K\u00e4stner Schule Bergheim","isPartOf":{"@id":"https:\/\/eks-bergheim.de\/#website"},"datePublished":"2011-12-02T10:42:58+00:00","dateModified":"2011-12-05T09:25:47+00:00","breadcrumb":{"@id":"http:\/\/eks-bergheim.de\/?page_id=598#breadcrumb"},"inLanguage":"de","potentialAction":[{"@type":"ReadAction","target":["http:\/\/eks-bergheim.de\/?page_id=598"]}]},{"@type":"BreadcrumbList","@id":"http:\/\/eks-bergheim.de\/?page_id=598#breadcrumb","itemListElement":[{"@type":"ListItem","position":1,"name":"Startseite","item":"https:\/\/eks-bergheim.de\/"},{"@type":"ListItem","position":2,"name":"Infos und Termine","item":"http:\/\/eks-bergheim.de\/?page_id=2"},{"@type":"ListItem","position":3,"name":"Infos","item":"http:\/\/eks-bergheim.de\/?page_id=569"},{"@type":"ListItem","position":4,"name":"Stunden im Ganztag"}]},{"@type":"WebSite","@id":"https:\/\/eks-bergheim.de\/#website","url":"https:\/\/eks-bergheim.de\/","name":"Erich K\u00e4stner Schule Bergheim","description":"","potentialAction":[{"@type":"SearchAction","target":{"@type":"EntryPoint","urlTemplate":"https:\/\/eks-bergheim.de\/?s={search_term_string}"},"query-input":{"@type":"PropertyValueSpecification","valueRequired":true,"valueName":"search_term_string"}}],"inLanguage":"de"}]}},"_links":{"self":[{"href":"http:\/\/eks-bergheim.de\/index.php?rest_route=\/wp\/v2\/pages\/598","targetHints":{"allow":["GET"]}}],"collection":[{"href":"http:\/\/eks-bergheim.de\/index.php?rest_route=\/wp\/v2\/pages"}],"about":[{"href":"http:\/\/eks-bergheim.de\/index.php?rest_route=\/wp\/v2\/types\/page"}],"author":[{"embeddable":true,"href":"http:\/\/eks-bergheim.de\/index.php?rest_route=\/wp\/v2\/users\/1"}],"replies":[{"embeddable":true,"href":"http:\/\/eks-bergheim.de\/index.php?rest_route=%2Fwp%2Fv2%2Fcomments&post=598"}],"version-history":[{"count":8,"href":"http:\/\/eks-bergheim.de\/index.php?rest_route=\/wp\/v2\/pages\/598\/revisions"}],"predecessor-version":[{"id":647,"href":"http:\/\/eks-bergheim.de\/index.php?rest_route=\/wp\/v2\/pages\/598\/revisions\/647"}],"up":[{"embeddable":true,"href":"http:\/\/eks-bergheim.de\/index.php?rest_route=\/wp\/v2\/pages\/569"}],"wp:attachment":[{"href":"http:\/\/eks-bergheim.de\/index.php?rest_route=%2Fwp%2Fv2%2Fmedia&parent=598"}],"curies":[{"name":"wp","href":"https:\/\/api.w.org\/{rel}","templated":true}]}}